{"id":1157,"date":"2016-02-02T08:47:58","date_gmt":"2016-02-02T07:47:58","guid":{"rendered":"http:\/\/kappler.at\/stamm\/?page_id=1157"},"modified":"2018-12-16T08:15:55","modified_gmt":"2018-12-16T07:15:55","slug":"2016-1","status":"publish","type":"page","link":"http:\/\/kappler.at\/stamm\/stt-htm\/history\/2016-1\/","title":{"rendered":"2016"},"content":{"rendered":"<div id=\"pl-1157\"  class=\"panel-layout\" ><div id=\"pg-1157-0\"  class=\"panel-grid panel-no-style\" ><div id=\"pgc-1157-0-0\"  class=\"panel-grid-cell\" ><div id=\"panel-1157-0-0-0\" class=\"so-panel widget widget_sow-editor panel-first-child panel-last-child\" data-index=\"0\" ><div\n\t\t\t\n\t\t\tclass=\"so-widget-sow-editor so-widget-sow-editor-base\"\n\t\t\t\n\t\t>\n<div class=\"siteorigin-widget-tinymce textwidget\">\n\t<h2>Franziskaner Stammtisch Hartberg 2016 - die H\u00f6hepunkte des Jahres 2016 chronologisch sortiert im \u00dcberblick<\/h2>\n<\/div>\n<\/div><\/div><\/div><\/div><div id=\"pg-1157-1\"  class=\"panel-grid panel-no-style\" ><div id=\"pgc-1157-1-0\"  class=\"panel-grid-cell\" ><div id=\"panel-1157-1-0-0\" class=\"so-panel widget widget_text panel-first-child panel-last-child widgetopts-SO\" data-index=\"1\" ><h3 class=\"widget-title\">1349<\/h3>\t\t\t<div class=\"textwidget\"><\/div>\n\t\t<\/div><\/div><div id=\"pgc-1157-1-1\"  class=\"panel-grid-cell\" ><div id=\"panel-1157-1-1-0\" class=\"so-panel widget widget_text panel-first-child panel-last-child\" data-index=\"2\" ><h3 class=\"widget-title\">08.12.2016 &#8211; Stubenparty<\/h3>\t\t\t<div class=\"textwidget\">Einladung von Hans zur Einweihung seiner Bauernstube am Ring - echt saugmiatlich !<\/div>\n\t\t<\/div><\/div><\/div><div id=\"pg-1157-2\"  class=\"panel-grid panel-no-style\" ><div id=\"pgc-1157-2-0\"  class=\"panel-grid-cell\" ><div id=\"panel-1157-2-0-0\" class=\"so-panel widget widget_text panel-first-child panel-last-child\" data-index=\"3\" ><h3 class=\"widget-title\">1347<\/h3>\t\t\t<div class=\"textwidget\"><\/div>\n\t\t<\/div><\/div><div id=\"pgc-1157-2-1\"  class=\"panel-grid-cell\" ><div id=\"panel-1157-2-1-0\" class=\"so-panel widget widget_text panel-first-child\" data-index=\"4\" ><h3 class=\"widget-title\">24.11.2016 &#8211; Beer from Bhutan<\/h3>\t\t\t<div class=\"textwidget\">Ein paar Mitbringsel von Peters letztem Urlaub<\/div>\n\t\t<\/div><div id=\"panel-1157-2-1-1\" class=\"so-panel widget widget_sow-image panel-last-child\" data-index=\"5\" ><div\n\t\t\t\n\t\t\tclass=\"so-widget-sow-image so-widget-sow-image-default-8b5b6f678277-1157\"\n\t\t\t\n\t\t>\n<div class=\"sow-image-container\">\n\t\t<img \n\tsrc=\"http:\/\/kappler.at\/stamm\/wp-content\/uploads\/sites\/2\/2016\/11\/IMG_1152.jpg\" width=\"640\" height=\"480\" srcset=\"http:\/\/kappler.at\/stamm\/wp-content\/uploads\/sites\/2\/2016\/11\/IMG_1152.jpg 640w, http:\/\/kappler.at\/stamm\/wp-content\/uploads\/sites\/2\/2016\/11\/IMG_1152-150x113.jpg 150w, http:\/\/kappler.at\/stamm\/wp-content\/uploads\/sites\/2\/2016\/11\/IMG_1152-300x225.jpg 300w\" sizes=\"(max-width: 640px) 100vw, 640px\" title=\"Bhutan Beer\" alt=\"Bhutan Beer\" \t\tclass=\"so-widget-image\"\/>\n\t<\/div>\n\n<\/div><\/div><\/div><\/div><div id=\"pg-1157-3\"  class=\"panel-grid panel-no-style\" ><div id=\"pgc-1157-3-0\"  class=\"panel-grid-cell\" ><div id=\"panel-1157-3-0-0\" class=\"so-panel widget widget_text panel-first-child panel-last-child\" data-index=\"6\" ><h3 class=\"widget-title\">1339<\/h3>\t\t\t<div class=\"textwidget\"><\/div>\n\t\t<\/div><\/div><div id=\"pgc-1157-3-1\"  class=\"panel-grid-cell\" ><div id=\"panel-1157-3-1-0\" class=\"so-panel widget widget_text panel-first-child panel-last-child\" data-index=\"7\" ><h3 class=\"widget-title\">29.09.2016 &#8211; Maroni &#038; Sturm<\/h3>\t\t\t<div class=\"textwidget\">Maronibraten mit original Ringviertler Kestn von Hans - danke<\/div>\n\t\t<\/div><\/div><\/div><div id=\"pg-1157-4\"  class=\"panel-grid panel-no-style\" ><div id=\"pgc-1157-4-0\"  class=\"panel-grid-cell\" ><div id=\"panel-1157-4-0-0\" class=\"so-panel widget widget_text panel-first-child panel-last-child\" data-index=\"8\" ><h3 class=\"widget-title\">1338<\/h3>\t\t\t<div class=\"textwidget\"><\/div>\n\t\t<\/div><\/div><div id=\"pgc-1157-4-1\"  class=\"panel-grid-cell\" ><div id=\"panel-1157-4-1-0\" class=\"so-panel widget widget_text panel-first-child\" data-index=\"9\" ><h3 class=\"widget-title\">22.09.2016 &#8211; Wir feiern<\/h3>\t\t\t<div class=\"textwidget\">Nachtr\u00e4glich zum 1333. Stammtisch gibt\u00b4s Rindfleisch mit R\u00f6stis und K\u00fcrbis vom Wirt (3 gleiche Ziffern) - herzlichen Dank<\/div>\n\t\t<\/div><div id=\"panel-1157-4-1-1\" class=\"so-panel widget widget_sow-image panel-last-child\" data-index=\"10\" ><div\n\t\t\t\n\t\t\tclass=\"so-widget-sow-image so-widget-sow-image-default-8b5b6f678277-1157\"\n\t\t\t\n\t\t>\n<div class=\"sow-image-container\">\n\t\t<img \n\tsrc=\"http:\/\/kappler.at\/stamm\/wp-content\/uploads\/sites\/2\/2016\/09\/1338.jpg\" width=\"640\" height=\"478\" srcset=\"http:\/\/kappler.at\/stamm\/wp-content\/uploads\/sites\/2\/2016\/09\/1338.jpg 640w, http:\/\/kappler.at\/stamm\/wp-content\/uploads\/sites\/2\/2016\/09\/1338-150x112.jpg 150w, http:\/\/kappler.at\/stamm\/wp-content\/uploads\/sites\/2\/2016\/09\/1338-300x224.jpg 300w\" sizes=\"(max-width: 640px) 100vw, 640px\" alt=\"1338\" \t\tclass=\"so-widget-image\"\/>\n\t<\/div>\n\n<\/div><\/div><\/div><\/div><div id=\"pg-1157-5\"  class=\"panel-grid panel-no-style\" ><div id=\"pgc-1157-5-0\"  class=\"panel-grid-cell\" ><div id=\"panel-1157-5-0-0\" class=\"so-panel widget widget_text panel-first-child panel-last-child\" data-index=\"11\" ><h3 class=\"widget-title\">1335<\/h3>\t\t\t<div class=\"textwidget\"><\/div>\n\t\t<\/div><\/div><div id=\"pgc-1157-5-1\"  class=\"panel-grid-cell\" ><div id=\"panel-1157-5-1-0\" class=\"so-panel widget widget_text panel-first-child\" data-index=\"12\" ><h3 class=\"widget-title\">01.09.2016 &#8211; Kesselbraune<\/h3>\t\t\t<div class=\"textwidget\">Unser Wirt feiert Geburtstag - wir bedanken uns herzlich f\u00fcr Kesselbraune mit Senf und Kren<\/div>\n\t\t<\/div><div id=\"panel-1157-5-1-1\" class=\"so-panel widget widget_sow-image panel-last-child\" data-index=\"13\" ><div\n\t\t\t\n\t\t\tclass=\"so-widget-sow-image so-widget-sow-image-default-8b5b6f678277-1157\"\n\t\t\t\n\t\t>\n<div class=\"sow-image-container\">\n\t\t<img \n\tsrc=\"http:\/\/kappler.at\/stamm\/wp-content\/uploads\/sites\/2\/2016\/09\/IMG_1048-e1473769565768.jpg\" width=\"840\" height=\"627\" sizes=\"(max-width: 840px) 100vw, 840px\" title=\"img_1048\" alt=\"img_1048\" \t\tclass=\"so-widget-image\"\/>\n\t<\/div>\n\n<\/div><\/div><\/div><\/div><div id=\"pg-1157-6\"  class=\"panel-grid panel-no-style\" ><div id=\"pgc-1157-6-0\"  class=\"panel-grid-cell\" ><div id=\"panel-1157-6-0-0\" class=\"so-panel widget widget_text panel-first-child panel-last-child\" data-index=\"14\" ><h3 class=\"widget-title\">1331<\/h3>\t\t\t<div class=\"textwidget\"><\/div>\n\t\t<\/div><\/div><div id=\"pgc-1157-6-1\"  class=\"panel-grid-cell\" ><div id=\"panel-1157-6-1-0\" class=\"so-panel widget widget_text panel-first-child\" data-index=\"15\" ><h3 class=\"widget-title\">04.08.2016 &#8211; Siegerehrung EM-Toto<\/h3>\t\t\t<div class=\"textwidget\">Nach einem spannenden Finalkampf \u00dcberreichung des Siegerschecks in Vertretung an Fredy<\/div>\n\t\t<\/div><div id=\"panel-1157-6-1-1\" class=\"so-panel widget widget_sow-image panel-last-child\" data-index=\"16\" ><div\n\t\t\t\n\t\t\tclass=\"so-widget-sow-image so-widget-sow-image-default-8b5b6f678277-1157\"\n\t\t\t\n\t\t>\n<div class=\"sow-image-container\">\n\t\t<img \n\tsrc=\"http:\/\/kappler.at\/stamm\/wp-content\/uploads\/sites\/2\/2016\/08\/IMG_0962-e1470403069492.jpg\" width=\"1200\" height=\"900\" sizes=\"(max-width: 1200px) 100vw, 1200px\" title=\"IMG_0962\" alt=\"IMG_0962\" \t\tclass=\"so-widget-image\"\/>\n\t<\/div>\n\n<\/div><\/div><\/div><\/div><div id=\"pg-1157-7\"  class=\"panel-grid panel-no-style\" ><div id=\"pgc-1157-7-0\"  class=\"panel-grid-cell\" ><div id=\"panel-1157-7-0-0\" class=\"so-panel widget widget_text panel-first-child panel-last-child\" data-index=\"17\" ><h3 class=\"widget-title\">1328<\/h3>\t\t\t<div class=\"textwidget\"><\/div>\n\t\t<\/div><\/div><div id=\"pgc-1157-7-1\"  class=\"panel-grid-cell\" ><div id=\"panel-1157-7-1-0\" class=\"so-panel widget widget_text panel-first-child panel-last-child\" data-index=\"18\" ><h3 class=\"widget-title\">14.07.2016 &#8211; Die Wollsau rockt<\/h3>\t\t\t<div class=\"textwidget\">Urlaubsbedingte Stammtischverlegung zum Buschenschank Retter-Knei\u00dfl, wo im Juli donnerstags die Wollsau rockt\n<\/div>\n\t\t<\/div><\/div><\/div><div id=\"pg-1157-8\"  class=\"panel-grid panel-no-style\" ><div id=\"pgc-1157-8-0\"  class=\"panel-grid-cell\" ><div id=\"panel-1157-8-0-0\" class=\"so-panel widget widget_text panel-first-child panel-last-child\" data-index=\"19\" ><h3 class=\"widget-title\">1324<\/h3>\t\t\t<div class=\"textwidget\"><\/div>\n\t\t<\/div><\/div><div id=\"pgc-1157-8-1\"  class=\"panel-grid-cell\" ><div id=\"panel-1157-8-1-0\" class=\"so-panel widget widget_text panel-first-child panel-last-child\" data-index=\"20\" ><h3 class=\"widget-title\">16.06.2016 &#8211; Public Viewing bei Fredy<\/h3>\t\t\t<div class=\"textwidget\">Herzlichen Dank f\u00fcr die Einladung zur W\u00fcrstl, Bier & Fu\u00dfball-EM auf Deiner Terrasse<\/div>\n\t\t<\/div><\/div><\/div><div id=\"pg-1157-9\"  class=\"panel-grid panel-no-style\" ><div id=\"pgc-1157-9-0\"  class=\"panel-grid-cell panel-grid-cell-empty\" ><\/div><div id=\"pgc-1157-9-1\"  class=\"panel-grid-cell\" ><div id=\"panel-1157-9-1-0\" class=\"so-panel widget widget_text panel-first-child\" data-index=\"21\" ><h3 class=\"widget-title\">05.05.2016 &#8211; Braufest beim Tonibr\u00e4u<\/h3>\t\t\t<div class=\"textwidget\">Franz, Hari und Tom mit Karin auf der traditionellen Fu\u00dfwallfahrt zu Christi Himmelfahrt<\/div>\n\t\t<\/div><div id=\"panel-1157-9-1-1\" class=\"so-panel widget widget_sow-image panel-last-child\" data-index=\"22\" ><div\n\t\t\t\n\t\t\tclass=\"so-widget-sow-image so-widget-sow-image-default-8b5b6f678277-1157\"\n\t\t\t\n\t\t>\n<div class=\"sow-image-container\">\n\t\t\t<a href=\"http:\/\/kappler.at\/stamm\/wp-content\/uploads\/sites\/2\/2016\/05\/2016-Tonibrau-12.jpg\"\n\t\t\t\t\t>\n\t\t\t<img \n\tsrc=\"http:\/\/kappler.at\/stamm\/wp-content\/uploads\/sites\/2\/2016\/05\/2016-Tonibrau-12.jpg\" width=\"800\" height=\"600\" srcset=\"http:\/\/kappler.at\/stamm\/wp-content\/uploads\/sites\/2\/2016\/05\/2016-Tonibrau-12.jpg 800w, http:\/\/kappler.at\/stamm\/wp-content\/uploads\/sites\/2\/2016\/05\/2016-Tonibrau-12-150x113.jpg 150w, http:\/\/kappler.at\/stamm\/wp-content\/uploads\/sites\/2\/2016\/05\/2016-Tonibrau-12-300x225.jpg 300w, http:\/\/kappler.at\/stamm\/wp-content\/uploads\/sites\/2\/2016\/05\/2016-Tonibrau-12-768x576.jpg 768w\" sizes=\"(max-width: 800px) 100vw, 800px\" title=\"2016 Tonibrau 12\" alt=\"Franziskaner Stammtisch Hartberg 2016 Tonibr\u00e4u\" \t\tclass=\"so-widget-image\"\/>\n\t\t\t<\/a><\/div>\n\n<\/div><\/div><\/div><\/div><div id=\"pg-1157-10\"  class=\"panel-grid panel-no-style\" ><div id=\"pgc-1157-10-0\"  class=\"panel-grid-cell panel-grid-cell-empty\" ><\/div><div id=\"pgc-1157-10-1\"  class=\"panel-grid-cell\" ><div id=\"panel-1157-10-1-0\" class=\"so-panel widget widget_text panel-first-child panel-last-child widgetopts-SO\" data-index=\"23\" ><h3 class=\"widget-title\">April 2016 &#8211; Wahllotto Bundespr\u00e4sidentenwahl<\/h3>\t\t\t<div class=\"textwidget\">And the Winner is - Franz<\/div>\n\t\t<\/div><\/div><\/div><div id=\"pg-1157-11\"  class=\"panel-grid panel-no-style\" ><div id=\"pgc-1157-11-0\"  class=\"panel-grid-cell panel-grid-cell-empty\" ><\/div><div id=\"pgc-1157-11-1\"  class=\"panel-grid-cell\" ><div id=\"panel-1157-11-1-0\" class=\"so-panel widget widget_text panel-first-child\" data-index=\"24\" ><h3 class=\"widget-title\">16.04.2016 &#8211; Ausflug zum Steirerfest in Wien<\/h3>\t\t\t<div class=\"textwidget\">Der Franziskaner Stammtisch als Kulturbotschafter in der gro\u00dfen fremden Stadt.\nMit dem Einfach Raus Ticket per Bahn nach Wien und zur\u00fcck.\nAm Vormittag Kulturprogramm mit Besichtigung des Stephansdoms inklusive Besteigung des S\u00fcdturms.\nNach dem Mittagessen im Hard Rock Cafe ging es aufs Festgel\u00e4nde.<\/div>\n\t\t<\/div><div id=\"panel-1157-11-1-1\" class=\"so-panel widget widget_sow-image panel-last-child\" data-index=\"25\" ><div\n\t\t\t\n\t\t\tclass=\"so-widget-sow-image so-widget-sow-image-default-8b5b6f678277-1157\"\n\t\t\t\n\t\t>\n<div class=\"sow-image-container\">\n\t\t\t<a href=\"http:\/\/kappler.at\/stamm\/wp-content\/uploads\/sites\/2\/2016\/04\/2016-Steirerfest-66.jpg\"\n\t\t\t\t\t>\n\t\t\t<img \n\tsrc=\"http:\/\/kappler.at\/stamm\/wp-content\/uploads\/sites\/2\/2016\/04\/2016-Steirerfest-66.jpg\" width=\"800\" height=\"600\" srcset=\"http:\/\/kappler.at\/stamm\/wp-content\/uploads\/sites\/2\/2016\/04\/2016-Steirerfest-66.jpg 800w, http:\/\/kappler.at\/stamm\/wp-content\/uploads\/sites\/2\/2016\/04\/2016-Steirerfest-66-150x113.jpg 150w, http:\/\/kappler.at\/stamm\/wp-content\/uploads\/sites\/2\/2016\/04\/2016-Steirerfest-66-300x225.jpg 300w, http:\/\/kappler.at\/stamm\/wp-content\/uploads\/sites\/2\/2016\/04\/2016-Steirerfest-66-768x576.jpg 768w\" sizes=\"(max-width: 800px) 100vw, 800px\" title=\"2016 Steirerfest 66\" alt=\"Franziskaner Stammtisch Hartberg 2016 Steirerfest in Wien Gruppenfoto\" \t\tclass=\"so-widget-image\"\/>\n\t\t\t<\/a><\/div>\n\n<\/div><\/div><\/div><\/div><div id=\"pg-1157-12\"  class=\"panel-grid panel-no-style\" ><div id=\"pgc-1157-12-0\"  class=\"panel-grid-cell\" ><div id=\"panel-1157-12-0-0\" class=\"so-panel widget widget_text panel-first-child panel-last-child widgetopts-SO\" data-index=\"26\" ><h3 class=\"widget-title\">1308<\/h3>\t\t\t<div class=\"textwidget\"><\/div>\n\t\t<\/div><\/div><div id=\"pgc-1157-12-1\"  class=\"panel-grid-cell\" ><div id=\"panel-1157-12-1-0\" class=\"so-panel widget widget_text panel-first-child panel-last-child\" data-index=\"27\" ><h3 class=\"widget-title\">04.02.2016 &#8211; Stockschie\u00dfen beim ESV L\u00f6ffelbach<\/h3>\t\t\t<div class=\"textwidget\">Stockschie\u00dfen in der Halle, da das Eis zu glatt ist \ud83d\ude09\nNach dem Sport gab es W\u00fcrstl und Bier zur St\u00e4rkung<\/div>\n\t\t<\/div><\/div><\/div><div id=\"pg-1157-13\"  class=\"panel-grid panel-no-style\" ><div id=\"pgc-1157-13-0\"  class=\"panel-grid-cell\" ><div id=\"panel-1157-13-0-0\" class=\"so-panel widget widget_text panel-first-child panel-last-child widgetopts-SO\" data-index=\"28\" ><h3 class=\"widget-title\">1307<\/h3>\t\t\t<div class=\"textwidget\"><\/div>\n\t\t<\/div><\/div><div id=\"pgc-1157-13-1\"  class=\"panel-grid-cell\" ><div id=\"panel-1157-13-1-0\" class=\"so-panel widget widget_text panel-first-child\" data-index=\"29\" ><h3 class=\"widget-title\">27. &#8211; 30.01.2016 &#8211; Schiopening Flachau<\/h3>\t\t\t<div class=\"textwidget\">Franz, Fredy, Hari, John, Martin und Tom beim Fr\u00fchlingscarven in der Flachau.\nDiesmal in einer Pension im Ort direkt neben der Talstation des 8er Jet.\n(100 Pistenkilometer und 21500 H\u00f6henmeter)<\/div>\n\t\t<\/div><div id=\"panel-1157-13-1-1\" class=\"so-panel widget widget_sow-image panel-last-child\" data-index=\"30\" ><div\n\t\t\t\n\t\t\tclass=\"so-widget-sow-image so-widget-sow-image-default-8b5b6f678277-1157\"\n\t\t\t\n\t\t>\n<div class=\"sow-image-container\">\n\t\t\t<a href=\"http:\/\/kappler.at\/stamm\/wp-content\/uploads\/sites\/2\/2016\/04\/2016-Flachau-119.jpg\"\n\t\t\t\t\t>\n\t\t\t<img \n\tsrc=\"http:\/\/kappler.at\/stamm\/wp-content\/uploads\/sites\/2\/2016\/04\/2016-Flachau-119.jpg\" width=\"1200\" height=\"900\" srcset=\"http:\/\/kappler.at\/stamm\/wp-content\/uploads\/sites\/2\/2016\/04\/2016-Flachau-119.jpg 1200w, http:\/\/kappler.at\/stamm\/wp-content\/uploads\/sites\/2\/2016\/04\/2016-Flachau-119-150x113.jpg 150w, http:\/\/kappler.at\/stamm\/wp-content\/uploads\/sites\/2\/2016\/04\/2016-Flachau-119-300x225.jpg 300w, http:\/\/kappler.at\/stamm\/wp-content\/uploads\/sites\/2\/2016\/04\/2016-Flachau-119-768x576.jpg 768w, http:\/\/kappler.at\/stamm\/wp-content\/uploads\/sites\/2\/2016\/04\/2016-Flachau-119-1024x768.jpg 1024w\" sizes=\"(max-width: 1200px) 100vw, 1200px\" title=\"2016 Flachau 119\" alt=\"Franziskaner Stammtisch Hartberg 2016 Flachau Gipfelstadl Gruppenfoto\" \t\tclass=\"so-widget-image\"\/>\n\t\t\t<\/a><\/div>\n\n<\/div><\/div><\/div><\/div><div id=\"pg-1157-14\"  class=\"panel-grid panel-no-style\" ><div id=\"pgc-1157-14-0\"  class=\"panel-grid-cell panel-grid-cell-empty\" ><\/div><div id=\"pgc-1157-14-1\"  class=\"panel-grid-cell\" ><div id=\"panel-1157-14-1-0\" class=\"so-panel widget widget_text panel-first-child panel-last-child\" data-index=\"31\" ><h3 class=\"widget-title\">09.01.2016 &#8211; Messe f\u00fcr Walter + Jahresfeier 2015<\/h3>\t\t\t<div class=\"textwidget\">Nach einer Messe in der Stadtpfarrkirche in Gedenken an Walter feiern wir mit unseren M\u00e4dls den Jahreswechsel<\/div>\n\t\t<\/div><\/div><\/div><\/div>","protected":false},"excerpt":{"rendered":"<p>Franziskaner Stammtisch Hartberg 2016 &#8211; die H\u00f6hepunkte des Jahres 2016 chronologisch sortiert im \u00dcberblick Einladung von Hans zur Einweihung seiner Bauernstube am Ring &#8211; echt saugmiatlich !<\/p>\n","protected":false},"author":1,"featured_media":0,"parent":141,"menu_order":0,"comment_status":"open","ping_status":"closed","template":"page-feature.php","meta":{"kt_blocks_editor_width":"","ngg_post_thumbnail":0,"jetpack_post_was_ever_published":false,"footnotes":""},"class_list":["post-1157","page","type-page","status-publish","hentry"],"yoast_head":"<!-- This site is optimized with the Yoast SEO plugin v27.4 - https:\/\/yoast.com\/product\/yoast-seo-wordpress\/ -->\n<title>Franziskaner Stammtisch Hartberg\u00a02016<\/title>\n<meta name=\"description\" content=\"Franziskaner Stammtisch Hartberg 2016 - die H\u00f6hepunkte des Jahres 2016 chronologisch sortiert im \u00dcberblick\" \/>\n<meta name=\"robots\" content=\"index, follow, max-snippet:-1, max-image-preview:large, max-video-preview:-1\" \/>\n<link rel=\"canonical\" href=\"http:\/\/kappler.at\/stamm\/stt-htm\/history\/2016-1\/\" \/>\n<meta property=\"og:locale\" content=\"de_DE\" \/>\n<meta property=\"og:type\" content=\"article\" \/>\n<meta property=\"og:title\" content=\"Franziskaner Stammtisch Hartberg\u00a02016\" \/>\n<meta property=\"og:description\" content=\"Franziskaner Stammtisch Hartberg 2016 - die H\u00f6hepunkte des Jahres 2016 chronologisch sortiert im \u00dcberblick\" \/>\n<meta property=\"og:url\" content=\"http:\/\/kappler.at\/stamm\/stt-htm\/history\/2016-1\/\" \/>\n<meta property=\"og:site_name\" content=\"Franziskaner Stammtisch\" \/>\n<meta property=\"article:modified_time\" content=\"2018-12-16T07:15:55+00:00\" \/>\n<meta name=\"twitter:label1\" content=\"Gesch\u00e4tzte Lesezeit\" \/>\n\t<meta name=\"twitter:data1\" content=\"2\u00a0Minuten\" \/>\n<script type=\"application\/ld+json\" class=\"yoast-schema-graph\">{\"@context\":\"https:\\\/\\\/schema.org\",\"@graph\":[{\"@type\":\"WebPage\",\"@id\":\"http:\\\/\\\/kappler.at\\\/stamm\\\/stt-htm\\\/history\\\/2016-1\\\/\",\"url\":\"http:\\\/\\\/kappler.at\\\/stamm\\\/stt-htm\\\/history\\\/2016-1\\\/\",\"name\":\"Franziskaner Stammtisch Hartberg\u00a02016\",\"isPartOf\":{\"@id\":\"http:\\\/\\\/kappler.at\\\/stamm\\\/#website\"},\"datePublished\":\"2016-02-02T07:47:58+00:00\",\"dateModified\":\"2018-12-16T07:15:55+00:00\",\"description\":\"Franziskaner Stammtisch Hartberg 2016 - die H\u00f6hepunkte des Jahres 2016 chronologisch sortiert im \u00dcberblick\",\"breadcrumb\":{\"@id\":\"http:\\\/\\\/kappler.at\\\/stamm\\\/stt-htm\\\/history\\\/2016-1\\\/#breadcrumb\"},\"inLanguage\":\"de\",\"potentialAction\":[{\"@type\":\"ReadAction\",\"target\":[\"http:\\\/\\\/kappler.at\\\/stamm\\\/stt-htm\\\/history\\\/2016-1\\\/\"]}]},{\"@type\":\"BreadcrumbList\",\"@id\":\"http:\\\/\\\/kappler.at\\\/stamm\\\/stt-htm\\\/history\\\/2016-1\\\/#breadcrumb\",\"itemListElement\":[{\"@type\":\"ListItem\",\"position\":1,\"name\":\"Home\",\"item\":\"http:\\\/\\\/kappler.at\\\/stamm\\\/\"},{\"@type\":\"ListItem\",\"position\":2,\"name\":\"Franziskaner Stammtisch Hartberg\",\"item\":\"http:\\\/\\\/kappler.at\\\/stamm\\\/\"},{\"@type\":\"ListItem\",\"position\":3,\"name\":\"Franziskaner Stammtisch History\",\"item\":\"http:\\\/\\\/kappler.at\\\/stamm\\\/stt-htm\\\/history\\\/\"},{\"@type\":\"ListItem\",\"position\":4,\"name\":\"2016\"}]},{\"@type\":\"WebSite\",\"@id\":\"http:\\\/\\\/kappler.at\\\/stamm\\\/#website\",\"url\":\"http:\\\/\\\/kappler.at\\\/stamm\\\/\",\"name\":\"Franziskaner Stammtisch\",\"description\":\"the one and only\",\"publisher\":{\"@id\":\"http:\\\/\\\/kappler.at\\\/stamm\\\/#organization\"},\"potentialAction\":[{\"@type\":\"SearchAction\",\"target\":{\"@type\":\"EntryPoint\",\"urlTemplate\":\"http:\\\/\\\/kappler.at\\\/stamm\\\/?s={search_term_string}\"},\"query-input\":{\"@type\":\"PropertyValueSpecification\",\"valueRequired\":true,\"valueName\":\"search_term_string\"}}],\"inLanguage\":\"de\"},{\"@type\":\"Organization\",\"@id\":\"http:\\\/\\\/kappler.at\\\/stamm\\\/#organization\",\"name\":\"Franziskaner Stammtisch Hartberg\",\"url\":\"http:\\\/\\\/kappler.at\\\/stamm\\\/\",\"logo\":{\"@type\":\"ImageObject\",\"inLanguage\":\"de\",\"@id\":\"http:\\\/\\\/kappler.at\\\/stamm\\\/#\\\/schema\\\/logo\\\/image\\\/\",\"url\":\"http:\\\/\\\/kappler.at\\\/stamm\\\/wp-content\\\/uploads\\\/sites\\\/2\\\/2016\\\/10\\\/StammtischLogo-e1476712092368.jpg\",\"contentUrl\":\"http:\\\/\\\/kappler.at\\\/stamm\\\/wp-content\\\/uploads\\\/sites\\\/2\\\/2016\\\/10\\\/StammtischLogo-e1476712092368.jpg\",\"width\":126,\"height\":200,\"caption\":\"Franziskaner Stammtisch Hartberg\"},\"image\":{\"@id\":\"http:\\\/\\\/kappler.at\\\/stamm\\\/#\\\/schema\\\/logo\\\/image\\\/\"}}]}<\/script>\n<!-- \/ Yoast SEO plugin. -->","yoast_head_json":{"title":"Franziskaner Stammtisch Hartberg\u00a02016","description":"Franziskaner Stammtisch Hartberg 2016 - die H\u00f6hepunkte des Jahres 2016 chronologisch sortiert im \u00dcberblick","robots":{"index":"index","follow":"follow","max-snippet":"max-snippet:-1","max-image-preview":"max-image-preview:large","max-video-preview":"max-video-preview:-1"},"canonical":"http:\/\/kappler.at\/stamm\/stt-htm\/history\/2016-1\/","og_locale":"de_DE","og_type":"article","og_title":"Franziskaner Stammtisch Hartberg\u00a02016","og_description":"Franziskaner Stammtisch Hartberg 2016 - die H\u00f6hepunkte des Jahres 2016 chronologisch sortiert im \u00dcberblick","og_url":"http:\/\/kappler.at\/stamm\/stt-htm\/history\/2016-1\/","og_site_name":"Franziskaner Stammtisch","article_modified_time":"2018-12-16T07:15:55+00:00","twitter_misc":{"Gesch\u00e4tzte Lesezeit":"2\u00a0Minuten"},"schema":{"@context":"https:\/\/schema.org","@graph":[{"@type":"WebPage","@id":"http:\/\/kappler.at\/stamm\/stt-htm\/history\/2016-1\/","url":"http:\/\/kappler.at\/stamm\/stt-htm\/history\/2016-1\/","name":"Franziskaner Stammtisch Hartberg\u00a02016","isPartOf":{"@id":"http:\/\/kappler.at\/stamm\/#website"},"datePublished":"2016-02-02T07:47:58+00:00","dateModified":"2018-12-16T07:15:55+00:00","description":"Franziskaner Stammtisch Hartberg 2016 - die H\u00f6hepunkte des Jahres 2016 chronologisch sortiert im \u00dcberblick","breadcrumb":{"@id":"http:\/\/kappler.at\/stamm\/stt-htm\/history\/2016-1\/#breadcrumb"},"inLanguage":"de","potentialAction":[{"@type":"ReadAction","target":["http:\/\/kappler.at\/stamm\/stt-htm\/history\/2016-1\/"]}]},{"@type":"BreadcrumbList","@id":"http:\/\/kappler.at\/stamm\/stt-htm\/history\/2016-1\/#breadcrumb","itemListElement":[{"@type":"ListItem","position":1,"name":"Home","item":"http:\/\/kappler.at\/stamm\/"},{"@type":"ListItem","position":2,"name":"Franziskaner Stammtisch Hartberg","item":"http:\/\/kappler.at\/stamm\/"},{"@type":"ListItem","position":3,"name":"Franziskaner Stammtisch History","item":"http:\/\/kappler.at\/stamm\/stt-htm\/history\/"},{"@type":"ListItem","position":4,"name":"2016"}]},{"@type":"WebSite","@id":"http:\/\/kappler.at\/stamm\/#website","url":"http:\/\/kappler.at\/stamm\/","name":"Franziskaner Stammtisch","description":"the one and only","publisher":{"@id":"http:\/\/kappler.at\/stamm\/#organization"},"potentialAction":[{"@type":"SearchAction","target":{"@type":"EntryPoint","urlTemplate":"http:\/\/kappler.at\/stamm\/?s={search_term_string}"},"query-input":{"@type":"PropertyValueSpecification","valueRequired":true,"valueName":"search_term_string"}}],"inLanguage":"de"},{"@type":"Organization","@id":"http:\/\/kappler.at\/stamm\/#organization","name":"Franziskaner Stammtisch Hartberg","url":"http:\/\/kappler.at\/stamm\/","logo":{"@type":"ImageObject","inLanguage":"de","@id":"http:\/\/kappler.at\/stamm\/#\/schema\/logo\/image\/","url":"http:\/\/kappler.at\/stamm\/wp-content\/uploads\/sites\/2\/2016\/10\/StammtischLogo-e1476712092368.jpg","contentUrl":"http:\/\/kappler.at\/stamm\/wp-content\/uploads\/sites\/2\/2016\/10\/StammtischLogo-e1476712092368.jpg","width":126,"height":200,"caption":"Franziskaner Stammtisch Hartberg"},"image":{"@id":"http:\/\/kappler.at\/stamm\/#\/schema\/logo\/image\/"}}]}},"jetpack_shortlink":"https:\/\/wp.me\/P5aSXC-iF","jetpack_sharing_enabled":true,"_links":{"self":[{"href":"http:\/\/kappler.at\/stamm\/wp-json\/wp\/v2\/pages\/1157","targetHints":{"allow":["GET"]}}],"collection":[{"href":"http:\/\/kappler.at\/stamm\/wp-json\/wp\/v2\/pages"}],"about":[{"href":"http:\/\/kappler.at\/stamm\/wp-json\/wp\/v2\/types\/page"}],"author":[{"embeddable":true,"href":"http:\/\/kappler.at\/stamm\/wp-json\/wp\/v2\/users\/1"}],"replies":[{"embeddable":true,"href":"http:\/\/kappler.at\/stamm\/wp-json\/wp\/v2\/comments?post=1157"}],"version-history":[{"count":38,"href":"http:\/\/kappler.at\/stamm\/wp-json\/wp\/v2\/pages\/1157\/revisions"}],"predecessor-version":[{"id":1563,"href":"http:\/\/kappler.at\/stamm\/wp-json\/wp\/v2\/pages\/1157\/revisions\/1563"}],"up":[{"embeddable":true,"href":"http:\/\/kappler.at\/stamm\/wp-json\/wp\/v2\/pages\/141"}],"wp:attachment":[{"href":"http:\/\/kappler.at\/stamm\/wp-json\/wp\/v2\/media?parent=1157"}],"curies":[{"name":"wp","href":"https:\/\/api.w.org\/{rel}","templated":true}]}}